{"version":"1.0","provider_name":"Institut Europ\u00e9en de Sant\u00e9 et S\u00e9curit\u00e9 au Travail","provider_url":"https:\/\/e-cssct.eu","author_name":"admin9093","author_url":"https:\/\/e-cssct.eu\/index.php\/author\/admin9093\/","title":"Formations propos\u00e9es - Institut Europ\u00e9en de Sant\u00e9 et S\u00e9curit\u00e9 au Travail","type":"rich","width":600,"height":338,"html":"<blockquote class=\"wp-embedded-content\" data-secret=\"7urTGz732F\"><a href=\"https:\/\/e-cssct.eu\/index.php\/formations-proposees\/\">Formations propos\u00e9es<\/a><\/blockquote><iframe sandbox=\"allow-scripts\" security=\"restricted\" src=\"https:\/\/e-cssct.eu\/index.php\/formations-proposees\/embed\/#?secret=7urTGz732F\" width=\"600\" height=\"338\" title=\"\u00ab\u00a0Formations propos\u00e9es\u00a0\u00bb &#8212; Institut Europ\u00e9en de Sant\u00e9 et S\u00e9curit\u00e9 au Travail\" data-secret=\"7urTGz732F\" frameborder=\"0\" marginwidth=\"0\" marginheight=\"0\" scrolling=\"no\" class=\"wp-embedded-content\"><\/iframe><script>\n\/*! This file is auto-generated *\/\n!function(d,l){\"use strict\";l.querySelector&&d.addEventListener&&\"undefined\"!=typeof URL&&(d.wp=d.wp||{},d.wp.receiveEmbedMessage||(d.wp.receiveEmbedMessage=function(e){var t=e.data;if((t||t.secret||t.message||t.value)&&!\/[^a-zA-Z0-9]\/.test(t.secret)){for(var s,r,n,a=l.querySelectorAll('iframe[data-secret=\"'+t.secret+'\"]'),o=l.querySelectorAll('blockquote[data-secret=\"'+t.secret+'\"]'),c=new RegExp(\"^https?:$\",\"i\"),i=0;i<o.length;i++)o[i].style.display=\"none\";for(i=0;i<a.length;i++)s=a[i],e.source===s.contentWindow&&(s.removeAttribute(\"style\"),\"height\"===t.message?(1e3<(r=parseInt(t.value,10))?r=1e3:~~r<200&&(r=200),s.height=r):\"link\"===t.message&&(r=new URL(s.getAttribute(\"src\")),n=new URL(t.value),c.test(n.protocol))&&n.host===r.host&&l.activeElement===s&&(d.top.location.href=t.value))}},d.addEventListener(\"message\",d.wp.receiveEmbedMessage,!1),l.addEventListener(\"DOMContentLoaded\",function(){for(var e,t,s=l.querySelectorAll(\"iframe.wp-embedded-content\"),r=0;r<s.length;r++)(t=(e=s[r]).getAttribute(\"data-secret\"))||(t=Math.random().toString(36).substring(2,12),e.src+=\"#?secret=\"+t,e.setAttribute(\"data-secret\",t)),e.contentWindow.postMessage({message:\"ready\",secret:t},\"*\")},!1)))}(window,document);\n\/\/# sourceURL=https:\/\/e-cssct.eu\/wp-includes\/js\/wp-embed.min.js\n<\/script>\n","description":"1. Ma\u00eetrise des Risques Psycho-Sociaux : Fondamentaux et Pratiques Avanc\u00e9es D\u00e9couvrez comment identifier, \u00e9valuer et g\u00e9rer efficacement les risques psycho-sociaux dans votre organisation. Cette formation vous fournira les outils n\u00e9cessaires pour d\u00e9velopper des strat\u00e9gies de pr\u00e9vention adapt\u00e9es, am\u00e9liorant ainsi la qualit\u00e9 de vie au travail et la productivit\u00e9. T\u00e9l\u00e9chargez notre programme complet pour explorer les...","thumbnail_url":"https:\/\/e-cssct.eu\/wp-content\/uploads\/2024\/05\/imagination-6940837_1280-1024x732.png"}